{"id":49,"date":"2017-10-22T23:18:41","date_gmt":"2017-10-22T21:18:41","guid":{"rendered":"http:\/\/www.aeroclub-avranches.org\/wp2\/?page_id=49"},"modified":"2020-12-19T12:21:19","modified_gmt":"2020-12-19T11:21:19","slug":"cgv-vols-decouverte","status":"publish","type":"page","link":"https:\/\/www.aeroclub-avranches.org\/wp2\/cgv-vols-decouverte\/","title":{"rendered":"CGV Vols D\u00e9couverte"},"content":{"rendered":"<blockquote><p>\u00a0<strong>Conditions g\u00e9n\u00e9rales de vente<\/strong><\/p><\/blockquote>\n<h4>Utilisation<\/h4>\n<p>Les vols s&rsquo;effectuent obligatoirement sur les a\u00e9ronefs qui appartiennent ou qui sont lou\u00e9s par l&rsquo;a\u00e9roclub.<\/p>\n<p>Ils pourront \u00eatre effectu\u00e9s le jour de votre choix sous r\u00e9serve d&rsquo;avoir un pilote disponible.<\/p>\n<p>Si la personne est mineure, elle devra \u00eatre accompagn\u00e9e d&rsquo;au moins une personne majeure ou \u00e0 d\u00e9faut avoir l&rsquo;autorisation \u00e9crite de son repr\u00e9sentant l\u00e9gal.<\/p>\n<p>Le rendez-vous s&rsquo;effectue sous r\u00e9serve de\u00a0conditions m\u00e9t\u00e9o favorables. Le pilote reste le seul juge de la faisabilit\u00e9 du vol.<\/p>\n<h4>Validit\u00e9<\/h4>\n<p>La validit\u00e9 du BON cadeau est de 18 mois \u00e0 compter de sa date d&rsquo;achat. Si la prestation correspondant au BON n&rsquo;a pas \u00e9t\u00e9 effectu\u00e9e dans le d\u00e9lai imparti le BON n&rsquo;est plus valide sauf conditions exceptionnelles.<\/p>\n<h4>Frais<\/h4>\n<p>Il n&rsquo;y a pas de frais d&rsquo;exp\u00e9dition ni de dossier.<\/p>\n<h4>Envoi<\/h4>\n<p>Les Bons sont envoy\u00e9s exclusivement par email.<\/p>\n<p style=\"text-align: center;\">&#8212;&#8212;<\/p>\n<p>Conform\u00e9ment \u00e0 la loi Hamon et compte tenu du type de prestation, il n&rsquo;y a pas de r\u00e9tractation possible.\u00a0En cons\u00e9quence le BON fourni <!--\u00e9tant \"<em>d\u00e9mat\u00e9rialis\u00e9<\/em>\" le droit de r\u00e9tractation ne s'applique pas et dans ce cas le BON-->n&rsquo;est ni remboursable ni \u00e9changeable.<\/p>\n<p>Cependant des prestations suppl\u00e9mentaires (non explicitement stipul\u00e9es dans le BON, comme par exemple un passager suppl\u00e9mentaire ou du temps de vol en plus, dans le respect de la r\u00e9glementation en vigueur) pourront \u00eatre effectu\u00e9es le jour du rendez-vous sous r\u00e9serve de leurs acquittements par le porteur du BON.<\/p>\n<p style=\"text-align: center;\">&#8212;&#8212;<\/p>\n<p>Toutes ces conditions \u00e9tant soumises en dernier lieu au respect de la r\u00e9glementation a\u00e9rienne en vigueur.<\/p>\n<p>&nbsp;<\/p>\n<p><em>Mise \u00e0 jour au 19\/12\/2020<\/em><\/p>\n","protected":false},"excerpt":{"rendered":"<p>\u00a0Conditions g\u00e9n\u00e9rales de vente Utilisation Les vols s&rsquo;effectuent obligatoirement sur les a\u00e9ronefs qui appartiennent ou qui sont lou\u00e9s par l&rsquo;a\u00e9roclub. Ils pourront \u00eatre effectu\u00e9s le jour de votre choix sous r\u00e9serve d&rsquo;avoir un pilote disponible. Si la personne est mineure, elle devra \u00eatre accompagn\u00e9e d&rsquo;au moins une personne majeure ou \u00e0 d\u00e9faut avoir l&rsquo;autorisation \u00e9crite &hellip; <a href=\"https:\/\/www.aeroclub-avranches.org\/wp2\/cgv-vols-decouverte\/\" class=\"more-link\">Continuer la lecture<span class=\"screen-reader-text\"> de &laquo;&nbsp;CGV Vols D\u00e9couverte&nbsp;&raquo;<\/span><\/a><\/p>\n","protected":false},"author":1,"featured_media":0,"parent":0,"menu_order":0,"comment_status":"closed","ping_status":"closed","template":"","meta":{"footnotes":""},"class_list":["post-49","page","type-page","status-publish","hentry"],"yoast_head":"<!-- This site is optimized with the Yoast SEO plugin v27.5 - https:\/\/yoast.com\/product\/yoast-seo-wordpress\/ -->\n<title>CGV Vols D\u00e9couverte - A\u00e9roclub des gr\u00e8ves du Mont Saint Michel<\/title>\n<meta name=\"robots\" content=\"index, follow, max-snippet:-1, max-image-preview:large, max-video-preview:-1\" \/>\n<link rel=\"canonical\" href=\"https:\/\/www.aeroclub-avranches.org\/wp2\/cgv-vols-decouverte\/\" \/>\n<meta property=\"og:locale\" content=\"fr_FR\" \/>\n<meta property=\"og:type\" content=\"article\" \/>\n<meta property=\"og:title\" content=\"CGV Vols D\u00e9couverte - A\u00e9roclub des gr\u00e8ves du Mont Saint Michel\" \/>\n<meta property=\"og:description\" content=\"\u00a0Conditions g\u00e9n\u00e9rales de vente Utilisation Les vols s&rsquo;effectuent obligatoirement sur les a\u00e9ronefs qui appartiennent ou qui sont lou\u00e9s par l&rsquo;a\u00e9roclub. Ils pourront \u00eatre effectu\u00e9s le jour de votre choix sous r\u00e9serve d&rsquo;avoir un pilote disponible. Si la personne est mineure, elle devra \u00eatre accompagn\u00e9e d&rsquo;au moins une personne majeure ou \u00e0 d\u00e9faut avoir l&rsquo;autorisation \u00e9crite &hellip; Continuer la lecture de &laquo;&nbsp;CGV Vols D\u00e9couverte&nbsp;&raquo;\" \/>\n<meta property=\"og:url\" content=\"https:\/\/www.aeroclub-avranches.org\/wp2\/cgv-vols-decouverte\/\" \/>\n<meta property=\"og:site_name\" content=\"A\u00e9roclub des gr\u00e8ves du Mont Saint Michel\" \/>\n<meta property=\"article:publisher\" content=\"https:\/\/www.facebook.com\/people\/Aro-club-des-Grves-du-Mont-Saint-Michel\/100064930290598\/\" \/>\n<meta property=\"article:modified_time\" content=\"2020-12-19T11:21:19+00:00\" \/>\n<meta name=\"twitter:card\" content=\"summary_large_image\" \/>\n<meta name=\"twitter:label1\" content=\"Dur\u00e9e de lecture estim\u00e9e\" \/>\n\t<meta name=\"twitter:data1\" content=\"1 minute\" \/>\n<script type=\"application\/ld+json\" class=\"yoast-schema-graph\">{\"@context\":\"https:\\\/\\\/schema.org\",\"@graph\":[{\"@type\":\"WebPage\",\"@id\":\"https:\\\/\\\/www.aeroclub-avranches.org\\\/wp2\\\/cgv-vols-decouverte\\\/\",\"url\":\"https:\\\/\\\/www.aeroclub-avranches.org\\\/wp2\\\/cgv-vols-decouverte\\\/\",\"name\":\"CGV Vols D\u00e9couverte - A\u00e9roclub des gr\u00e8ves du Mont Saint Michel\",\"isPartOf\":{\"@id\":\"https:\\\/\\\/www.aeroclub-avranches.org\\\/wp2\\\/#website\"},\"datePublished\":\"2017-10-22T21:18:41+00:00\",\"dateModified\":\"2020-12-19T11:21:19+00:00\",\"breadcrumb\":{\"@id\":\"https:\\\/\\\/www.aeroclub-avranches.org\\\/wp2\\\/cgv-vols-decouverte\\\/#breadcrumb\"},\"inLanguage\":\"fr-FR\",\"potentialAction\":[{\"@type\":\"ReadAction\",\"target\":[\"https:\\\/\\\/www.aeroclub-avranches.org\\\/wp2\\\/cgv-vols-decouverte\\\/\"]}]},{\"@type\":\"BreadcrumbList\",\"@id\":\"https:\\\/\\\/www.aeroclub-avranches.org\\\/wp2\\\/cgv-vols-decouverte\\\/#breadcrumb\",\"itemListElement\":[{\"@type\":\"ListItem\",\"position\":1,\"name\":\"Accueil\",\"item\":\"https:\\\/\\\/www.aeroclub-avranches.org\\\/wp2\\\/\"},{\"@type\":\"ListItem\",\"position\":2,\"name\":\"CGV Vols D\u00e9couverte\"}]},{\"@type\":\"WebSite\",\"@id\":\"https:\\\/\\\/www.aeroclub-avranches.org\\\/wp2\\\/#website\",\"url\":\"https:\\\/\\\/www.aeroclub-avranches.org\\\/wp2\\\/\",\"name\":\"A\u00e9roclub des gr\u00e8ves du Mont Saint Michel\",\"description\":\"\",\"publisher\":{\"@id\":\"https:\\\/\\\/www.aeroclub-avranches.org\\\/wp2\\\/#organization\"},\"potentialAction\":[{\"@type\":\"SearchAction\",\"target\":{\"@type\":\"EntryPoint\",\"urlTemplate\":\"https:\\\/\\\/www.aeroclub-avranches.org\\\/wp2\\\/?s={search_term_string}\"},\"query-input\":{\"@type\":\"PropertyValueSpecification\",\"valueRequired\":true,\"valueName\":\"search_term_string\"}}],\"inLanguage\":\"fr-FR\"},{\"@type\":\"Organization\",\"@id\":\"https:\\\/\\\/www.aeroclub-avranches.org\\\/wp2\\\/#organization\",\"name\":\"A\u00e9roclub des gr\u00e8ves du Mont Saint Michel\",\"url\":\"https:\\\/\\\/www.aeroclub-avranches.org\\\/wp2\\\/\",\"logo\":{\"@type\":\"ImageObject\",\"inLanguage\":\"fr-FR\",\"@id\":\"https:\\\/\\\/www.aeroclub-avranches.org\\\/wp2\\\/#\\\/schema\\\/logo\\\/image\\\/\",\"url\":\"https:\\\/\\\/www.aeroclub-avranches.org\\\/wp2\\\/wp-content\\\/uploads\\\/2018\\\/03\\\/Logo-ae\u0301roclub_280x280-1-e1542033573298.jpg\",\"contentUrl\":\"https:\\\/\\\/www.aeroclub-avranches.org\\\/wp2\\\/wp-content\\\/uploads\\\/2018\\\/03\\\/Logo-ae\u0301roclub_280x280-1-e1542033573298.jpg\",\"width\":100,\"height\":99,\"caption\":\"A\u00e9roclub des gr\u00e8ves du Mont Saint Michel\"},\"image\":{\"@id\":\"https:\\\/\\\/www.aeroclub-avranches.org\\\/wp2\\\/#\\\/schema\\\/logo\\\/image\\\/\"},\"sameAs\":[\"https:\\\/\\\/www.facebook.com\\\/people\\\/Aro-club-des-Grves-du-Mont-Saint-Michel\\\/100064930290598\\\/\"]}]}<\/script>\n<!-- \/ Yoast SEO plugin. -->","yoast_head_json":{"title":"CGV Vols D\u00e9couverte - A\u00e9roclub des gr\u00e8ves du Mont Saint Michel","robots":{"index":"index","follow":"follow","max-snippet":"max-snippet:-1","max-image-preview":"max-image-preview:large","max-video-preview":"max-video-preview:-1"},"canonical":"https:\/\/www.aeroclub-avranches.org\/wp2\/cgv-vols-decouverte\/","og_locale":"fr_FR","og_type":"article","og_title":"CGV Vols D\u00e9couverte - A\u00e9roclub des gr\u00e8ves du Mont Saint Michel","og_description":"\u00a0Conditions g\u00e9n\u00e9rales de vente Utilisation Les vols s&rsquo;effectuent obligatoirement sur les a\u00e9ronefs qui appartiennent ou qui sont lou\u00e9s par l&rsquo;a\u00e9roclub. Ils pourront \u00eatre effectu\u00e9s le jour de votre choix sous r\u00e9serve d&rsquo;avoir un pilote disponible. Si la personne est mineure, elle devra \u00eatre accompagn\u00e9e d&rsquo;au moins une personne majeure ou \u00e0 d\u00e9faut avoir l&rsquo;autorisation \u00e9crite &hellip; Continuer la lecture de &laquo;&nbsp;CGV Vols D\u00e9couverte&nbsp;&raquo;","og_url":"https:\/\/www.aeroclub-avranches.org\/wp2\/cgv-vols-decouverte\/","og_site_name":"A\u00e9roclub des gr\u00e8ves du Mont Saint Michel","article_publisher":"https:\/\/www.facebook.com\/people\/Aro-club-des-Grves-du-Mont-Saint-Michel\/100064930290598\/","article_modified_time":"2020-12-19T11:21:19+00:00","twitter_card":"summary_large_image","twitter_misc":{"Dur\u00e9e de lecture estim\u00e9e":"1 minute"},"schema":{"@context":"https:\/\/schema.org","@graph":[{"@type":"WebPage","@id":"https:\/\/www.aeroclub-avranches.org\/wp2\/cgv-vols-decouverte\/","url":"https:\/\/www.aeroclub-avranches.org\/wp2\/cgv-vols-decouverte\/","name":"CGV Vols D\u00e9couverte - A\u00e9roclub des gr\u00e8ves du Mont Saint Michel","isPartOf":{"@id":"https:\/\/www.aeroclub-avranches.org\/wp2\/#website"},"datePublished":"2017-10-22T21:18:41+00:00","dateModified":"2020-12-19T11:21:19+00:00","breadcrumb":{"@id":"https:\/\/www.aeroclub-avranches.org\/wp2\/cgv-vols-decouverte\/#breadcrumb"},"inLanguage":"fr-FR","potentialAction":[{"@type":"ReadAction","target":["https:\/\/www.aeroclub-avranches.org\/wp2\/cgv-vols-decouverte\/"]}]},{"@type":"BreadcrumbList","@id":"https:\/\/www.aeroclub-avranches.org\/wp2\/cgv-vols-decouverte\/#breadcrumb","itemListElement":[{"@type":"ListItem","position":1,"name":"Accueil","item":"https:\/\/www.aeroclub-avranches.org\/wp2\/"},{"@type":"ListItem","position":2,"name":"CGV Vols D\u00e9couverte"}]},{"@type":"WebSite","@id":"https:\/\/www.aeroclub-avranches.org\/wp2\/#website","url":"https:\/\/www.aeroclub-avranches.org\/wp2\/","name":"A\u00e9roclub des gr\u00e8ves du Mont Saint Michel","description":"","publisher":{"@id":"https:\/\/www.aeroclub-avranches.org\/wp2\/#organization"},"potentialAction":[{"@type":"SearchAction","target":{"@type":"EntryPoint","urlTemplate":"https:\/\/www.aeroclub-avranches.org\/wp2\/?s={search_term_string}"},"query-input":{"@type":"PropertyValueSpecification","valueRequired":true,"valueName":"search_term_string"}}],"inLanguage":"fr-FR"},{"@type":"Organization","@id":"https:\/\/www.aeroclub-avranches.org\/wp2\/#organization","name":"A\u00e9roclub des gr\u00e8ves du Mont Saint Michel","url":"https:\/\/www.aeroclub-avranches.org\/wp2\/","logo":{"@type":"ImageObject","inLanguage":"fr-FR","@id":"https:\/\/www.aeroclub-avranches.org\/wp2\/#\/schema\/logo\/image\/","url":"https:\/\/www.aeroclub-avranches.org\/wp2\/wp-content\/uploads\/2018\/03\/Logo-ae\u0301roclub_280x280-1-e1542033573298.jpg","contentUrl":"https:\/\/www.aeroclub-avranches.org\/wp2\/wp-content\/uploads\/2018\/03\/Logo-ae\u0301roclub_280x280-1-e1542033573298.jpg","width":100,"height":99,"caption":"A\u00e9roclub des gr\u00e8ves du Mont Saint Michel"},"image":{"@id":"https:\/\/www.aeroclub-avranches.org\/wp2\/#\/schema\/logo\/image\/"},"sameAs":["https:\/\/www.facebook.com\/people\/Aro-club-des-Grves-du-Mont-Saint-Michel\/100064930290598\/"]}]}},"_links":{"self":[{"href":"https:\/\/www.aeroclub-avranches.org\/wp2\/wp-json\/wp\/v2\/pages\/49","targetHints":{"allow":["GET"]}}],"collection":[{"href":"https:\/\/www.aeroclub-avranches.org\/wp2\/wp-json\/wp\/v2\/pages"}],"about":[{"href":"https:\/\/www.aeroclub-avranches.org\/wp2\/wp-json\/wp\/v2\/types\/page"}],"author":[{"embeddable":true,"href":"https:\/\/www.aeroclub-avranches.org\/wp2\/wp-json\/wp\/v2\/users\/1"}],"replies":[{"embeddable":true,"href":"https:\/\/www.aeroclub-avranches.org\/wp2\/wp-json\/wp\/v2\/comments?post=49"}],"version-history":[{"count":20,"href":"https:\/\/www.aeroclub-avranches.org\/wp2\/wp-json\/wp\/v2\/pages\/49\/revisions"}],"predecessor-version":[{"id":9120,"href":"https:\/\/www.aeroclub-avranches.org\/wp2\/wp-json\/wp\/v2\/pages\/49\/revisions\/9120"}],"wp:attachment":[{"href":"https:\/\/www.aeroclub-avranches.org\/wp2\/wp-json\/wp\/v2\/media?parent=49"}],"curies":[{"name":"wp","href":"https:\/\/api.w.org\/{rel}","templated":true}]}}